{"id":309,"date":"2022-12-26T18:31:05","date_gmt":"2022-12-26T17:31:05","guid":{"rendered":"https:\/\/masterstp-univ-tlse3.fr\/?page_id=309"},"modified":"2022-12-27T00:45:43","modified_gmt":"2022-12-26T23:45:43","slug":"presentation-de-la-formation-parcours-local","status":"publish","type":"page","link":"https:\/\/masterstp-univ-tlse3.fr\/index.php\/presentation-de-la-formation-parcours-local\/","title":{"rendered":"Pr\u00e9sentation de la formation &#8211; parcours local"},"content":{"rendered":"\n<div class=\"wp-block-group has-global-padding is-layout-constrained wp-block-group-is-layout-constrained\">\n<div class=\"wp-block-group is-layout-flow wp-block-group-is-layout-flow\">\n<div class=\"wp-block-columns is-layout-flex wp-container-core-columns-is-layout-28f84493 wp-block-columns-is-layout-flex\">\n<div class=\"wp-block-column is-style-shadow has-secondary-background-color has-background is-layout-flow wp-block-column-is-layout-flow\" style=\"border-style:none;border-width:0px;padding-top:30px;padding-right:30px;padding-bottom:30px;padding-left:30px\">\n<h2 class=\"has-white-color has-text-color wp-block-heading\">Parcours local M1+M2<\/h2>\n\n\n\n<p>Vous avez une licence et vous souhaitez vous former \u00e0 la physique des plasmas froids et \u00e0 leurs applications, avec une ouverture vers l&rsquo;\u00e9nergie et la micro\u00e9lectronique, tout en ayant de longues p\u00e9riodes de stage en M1 et M2 ?<\/p>\n\n\n\n<p class=\"has-text-align-center has-background-color has-text-color has-link-color wp-elements-6f837f7778b733cec038838cc4196a56\"><strong><a href=\"#\">D\u00e9couvrir \u2192<\/a><\/strong><\/p>\n<\/div>\n\n\n\n<div class=\"wp-block-column is-style-shadow has-lightgrey-background-color has-background is-layout-flow wp-block-column-is-layout-flow\" style=\"border-style:none;border-width:0px;padding-top:30px;padding-right:30px;padding-bottom:30px;padding-left:30px\">\n<h2 class=\"has-foreground-color has-text-color wp-block-heading\">Parcours bidiplomant M1+M2<\/h2>\n\n\n\n<p>Vous avez une licence scientifique dans un domaine de la physique et vous souhaitez vous former \u00e0 la physique des plasmas froids et \u00e0 leurs applications avec une exp\u00e9rience \u00e0 l&rsquo;international au Canada durant 1 ann\u00e9e ?<\/p>\n\n\n\n<p class=\"has-text-align-center has-link-color wp-elements-2df3107fdaaa5b1878f393b7161dd770\"><a href=\"https:\/\/masterstp-univ-tlse3.fr\/index.php\/presentation-de-la-formation-parcours-bidiplomant\/\"><strong>D\u00e9couvrir \u2192<\/strong><\/a><\/p>\n<\/div>\n\n\n\n<div class=\"wp-block-column is-style-shadow has-lightgrey-background-color has-background is-layout-flow wp-block-column-is-layout-flow\" style=\"border-style:none;border-width:0px;padding-top:30px;padding-right:30px;padding-bottom:30px;padding-left:30px\">\n<h2 class=\"has-foreground-color has-text-color wp-block-heading\">Double comp\u00e9tence M2<\/h2>\n\n\n\n<p>Vous avez d\u00e9j\u00e0 un Master 1 (ou Master 2) scientifique dans un domaine de la physique et vous souhaitez acqu\u00e9rir une double comp\u00e9tence en vous formant \u00e0 la physique des plasmas froids et \u00e0 leurs applications ?<\/p>\n\n\n\n<p class=\"has-text-align-center has-foreground-color has-text-color has-link-color wp-elements-fa8aa90cb656563970739c0a7ed6b4b1\"><a href=\"https:\/\/masterstp-univ-tlse3.fr\/index.php\/presentation-de-la-formation-parcours-double-competence\/\"><strong>D\u00e9couvrir \u2192<\/strong><\/a><\/p>\n<\/div>\n<\/div>\n<\/div>\n<\/div>\n\n\n\n<div style=\"height:100px\" aria-hidden=\"true\" class=\"wp-block-spacer\"><\/div>\n\n\n\n<h2 class=\"has-text-align-center wp-block-heading\">Le parcours local en quelques chiffres c&rsquo;est :<\/h2>\n\n\n\n<ul class=\"wp-block-list\">\n<li>609 h pr\u00e9sentiel (Cours + TD + TP)<\/li>\n\n\n\n<li>1 stage en M1 de mars \u00e0 ao\u00fbt et 1 stage en M2 de f\u00e9vrier \u00e0 ao\u00fbt<\/li>\n\n\n\n<li>73 ECTS th\u00e9oriques et 47 ECTS de stage<\/li>\n<\/ul>\n\n\n\n<div style=\"height:100px\" aria-hidden=\"true\" class=\"wp-block-spacer\"><\/div>\n\n\n\n<h2 class=\"has-text-align-center wp-block-heading\">Programme sur les deux ann\u00e9es : Master 1 + Master 2<\/h2>\n\n\n\n<div class=\"wp-block-group alignfull has-global-padding is-layout-constrained wp-block-group-is-layout-constrained\" style=\"margin-top:0px\">\n<div class=\"wp-block-columns has-smaller-left-margin is-layout-flex wp-container-core-columns-is-layout-28f84493 wp-block-columns-is-layout-flex\">\n<div class=\"wp-block-column is-style-shadow has-light-background-background-color has-background is-layout-flow wp-container-core-column-is-layout-dba16a7e wp-block-column-is-layout-flow\" style=\"border-style:none;border-width:0px;padding-top:0;padding-right:0;padding-bottom:0;padding-left:0\">\n<div class=\"wp-block-group is-style-default has-background-color has-primary-background-color has-text-color has-background is-layout-flow wp-block-group-is-layout-flow\" style=\"border-top-left-radius:20px;border-top-right-radius:20px;padding-top:20px;padding-right:30px;padding-bottom:20px;padding-left:30px\">\n<div style=\"height:20px\" aria-hidden=\"true\" class=\"wp-block-spacer\"><\/div>\n\n\n\n<h3 class=\"has-text-align-center has-white-color has-text-color has-medium-font-size wp-block-heading\">Master 1<\/h3>\n<\/div>\n<\/div>\n<\/div>\n\n\n\n<div class=\"wp-block-columns has-smaller-left-margin is-layout-flex wp-container-core-columns-is-layout-28f84493 wp-block-columns-is-layout-flex\">\n<div class=\"wp-block-column is-style-shadow has-light-background-background-color has-background is-layout-flow wp-container-core-column-is-layout-dba16a7e wp-block-column-is-layout-flow\" style=\"border-style:none;border-width:0px;padding-top:0;padding-right:0;padding-bottom:0;padding-left:0\">\n<div class=\"wp-block-group has-background-color has-secondary-background-color has-text-color has-background is-layout-flow wp-block-group-is-layout-flow\" style=\"border-top-left-radius:20px;border-top-right-radius:20px;padding-top:20px;padding-right:30px;padding-bottom:20px;padding-left:30px\">\n<div style=\"height:20px\" aria-hidden=\"true\" class=\"wp-block-spacer\"><\/div>\n\n\n\n<h3 class=\"has-text-align-center has-white-color has-text-color has-medium-font-size wp-block-heading\">Semestre 1<\/h3>\n\n\n\n<div style=\"height:20px\" aria-hidden=\"true\" class=\"wp-block-spacer\"><\/div>\n\n\n\n<p class=\"has-text-align-center\">30 ECTS<br>261 h pr\u00e9sentiel incluant Cours, TD et TP<\/p>\n<\/div>\n\n\n\n<div class=\"wp-block-columns is-layout-flex wp-container-core-columns-is-layout-28f84493 wp-block-columns-is-layout-flex\">\n<div class=\"wp-block-column is-layout-flow wp-block-column-is-layout-flow\" style=\"flex-basis:100%\">\n<div class=\"wp-block-group has-global-padding is-layout-constrained wp-container-core-group-is-layout-c1694ee5 wp-block-group-is-layout-constrained\" style=\"border-style:none;border-width:0px;padding-top:40px;padding-right:40px;padding-bottom:40px;padding-left:40px\">\n<p class=\"has-text-align-center has-small-font-size\">Anglais (3 ECTS &#8211; 24 h)<\/p>\n\n\n\n<hr class=\"wp-block-separator has-text-color has-lightgrey-color has-alpha-channel-opacity has-lightgrey-background-color has-background is-style-wide\"\/>\n\n\n\n<p class=\"has-text-align-center has-small-font-size\">Instrumentation et cha\u00eene de mesure (3 ECTS &#8211; 30 h)<\/p>\n\n\n\n<hr class=\"wp-block-separator has-text-color has-lightgrey-color has-alpha-channel-opacity has-lightgrey-background-color has-background is-style-wide\"\/>\n\n\n\n<p class=\"has-text-align-center has-small-font-size\">Simulation multiphysique (3 ECTS &#8211; 30 h)<\/p>\n\n\n\n<hr class=\"wp-block-separator has-text-color has-lightgrey-color has-alpha-channel-opacity has-lightgrey-background-color has-background is-style-wide\"\/>\n\n\n\n<p class=\"has-text-align-center has-small-font-size\">Programmation en C (3 ECTS &#8211; 30 h)<\/p>\n\n\n\n<hr class=\"wp-block-separator has-text-color has-lightgrey-color has-alpha-channel-opacity has-lightgrey-background-color has-background is-style-wide\"\/>\n\n\n\n<p class=\"has-text-align-center has-small-font-size\">M\u00e9trologie et traitement statistique (3 ECTS &#8211; 24 h)<\/p>\n\n\n\n<hr class=\"wp-block-separator has-text-color has-lightgrey-color has-alpha-channel-opacity has-lightgrey-background-color has-background is-style-wide\"\/>\n\n\n\n<p class=\"has-text-align-center\">Physique des Plasmas : Principes de base (6 ECTS &#8211; 45 h)<\/p>\n\n\n\n<hr class=\"wp-block-separator has-text-color has-lightgrey-color has-alpha-channel-opacity has-lightgrey-background-color has-background is-style-wide\"\/>\n\n\n\n<p class=\"has-text-align-center\">Sources Plasmas (3 ECTS &#8211; 24 h)<\/p>\n\n\n\n<hr class=\"wp-block-separator has-text-color has-lightgrey-color has-alpha-channel-opacity has-lightgrey-background-color has-background is-style-wide\"\/>\n\n\n\n<p class=\"has-text-align-center\">Diagnostics des Plasmas (3 ECTS &#8211; 24 h)<\/p>\n\n\n\n<hr class=\"wp-block-separator has-text-color has-lightgrey-color has-alpha-channel-opacity has-lightgrey-background-color has-background is-style-wide\"\/>\n\n\n\n<p class=\"has-text-align-center\">Mini-projet Plasmas (3 ECTS &#8211; 30 h)<\/p>\n\n\n\n<div class=\"wp-block-buttons is-horizontal is-content-justification-center is-layout-flex wp-container-core-buttons-is-layout-a27650bb wp-block-buttons-is-layout-flex\" style=\"margin-top:40px\"><\/div>\n<\/div>\n<\/div>\n<\/div>\n<\/div>\n\n\n\n<div class=\"wp-block-column is-style-shadow has-light-background-background-color has-background is-layout-flow wp-container-core-column-is-layout-dba16a7e wp-block-column-is-layout-flow\" style=\"border-style:none;border-width:0px;padding-top:0;padding-right:0;padding-bottom:0;padding-left:0\">\n<div class=\"wp-block-group has-background-color has-secondary-background-color has-text-color has-background is-layout-flow wp-block-group-is-layout-flow\" style=\"border-top-left-radius:20px;border-top-right-radius:20px;padding-top:20px;padding-right:30px;padding-bottom:20px;padding-left:30px\">\n<div style=\"height:20px\" aria-hidden=\"true\" class=\"wp-block-spacer\"><\/div>\n\n\n\n<h3 class=\"has-text-align-center has-white-color has-text-color has-medium-font-size wp-block-heading\">Semestre 2<\/h3>\n\n\n\n<div style=\"height:20px\" aria-hidden=\"true\" class=\"wp-block-spacer\"><\/div>\n\n\n\n<p class=\"has-text-align-center\">30 ECTS dont 17 ECTS de stage<br>105 h pr\u00e9sentiel incluant Cours, TD et TP<\/p>\n<\/div>\n\n\n\n<div class=\"wp-block-columns is-layout-flex wp-container-core-columns-is-layout-28f84493 wp-block-columns-is-layout-flex\">\n<div class=\"wp-block-column is-layout-flow wp-block-column-is-layout-flow\" style=\"flex-basis:100%\">\n<div class=\"wp-block-group has-global-padding is-layout-constrained wp-container-core-group-is-layout-c1694ee5 wp-block-group-is-layout-constrained\" style=\"border-style:none;border-width:0px;padding-top:40px;padding-right:40px;padding-bottom:40px;padding-left:40px\">\n<p class=\"has-text-align-center has-small-font-size\">Plasmas pour l&rsquo;a\u00e9ronautique et l&rsquo;espace (5 ECTS &#8211; 40 h)<\/p>\n\n\n\n<hr class=\"wp-block-separator has-text-color has-lightgrey-color has-alpha-channel-opacity has-lightgrey-background-color has-background is-style-wide\"\/>\n\n\n\n<p class=\"has-text-align-center has-small-font-size\">Plasmas pour l&rsquo;\u00e9nergie et l&rsquo;environnement (5 ECTS &#8211; 40 h)<\/p>\n\n\n\n<hr class=\"wp-block-separator has-text-color has-lightgrey-color has-alpha-channel-opacity has-lightgrey-background-color has-background is-style-wide\"\/>\n\n\n\n<p class=\"has-text-align-center has-small-font-size\">Plasmas pour le biom\u00e9dical (3 ECTS &#8211; 25 h)<\/p>\n\n\n\n<hr class=\"wp-block-separator has-text-color has-lightgrey-color has-alpha-channel-opacity has-lightgrey-background-color has-background is-style-wide\"\/>\n\n\n\n<p class=\"has-text-align-center has-small-font-size\"><strong>Stage 1 (17 ECTS)<\/strong><\/p>\n<\/div>\n<\/div>\n<\/div>\n<\/div>\n<\/div>\n\n\n\n<div class=\"wp-block-group is-style-default has-background-color has-primary-background-color has-text-color has-background is-layout-flow wp-block-group-is-layout-flow\" style=\"border-top-left-radius:20px;border-top-right-radius:20px;padding-top:20px;padding-right:30px;padding-bottom:20px;padding-left:30px\">\n<div style=\"height:20px\" aria-hidden=\"true\" class=\"wp-block-spacer\"><\/div>\n\n\n\n<h3 class=\"has-text-align-center has-white-color has-text-color has-medium-font-size wp-block-heading\">Master 2<\/h3>\n<\/div>\n\n\n\n<div class=\"wp-block-columns has-smaller-left-margin is-layout-flex wp-container-core-columns-is-layout-28f84493 wp-block-columns-is-layout-flex\">\n<div class=\"wp-block-column is-style-shadow has-light-background-background-color has-background is-layout-flow wp-container-core-column-is-layout-dba16a7e wp-block-column-is-layout-flow\" style=\"border-style:none;border-width:0px;padding-top:0;padding-right:0;padding-bottom:0;padding-left:0\">\n<div class=\"wp-block-group has-background-color has-secondary-background-color has-text-color has-background is-layout-flow wp-block-group-is-layout-flow\" style=\"border-top-left-radius:20px;border-top-right-radius:20px;padding-top:20px;padding-right:30px;padding-bottom:20px;padding-left:30px\">\n<div style=\"height:20px\" aria-hidden=\"true\" class=\"wp-block-spacer\"><\/div>\n\n\n\n<h3 class=\"has-text-align-center has-white-color has-text-color has-medium-font-size wp-block-heading\">Semestre 3<\/h3>\n\n\n\n<div style=\"height:20px\" aria-hidden=\"true\" class=\"wp-block-spacer\"><\/div>\n\n\n\n<p class=\"has-text-align-center\">30 ECTS<br>243 h pr\u00e9sentiel incluant Cours, TD et TP<\/p>\n<\/div>\n\n\n\n<div class=\"wp-block-columns is-layout-flex wp-container-core-columns-is-layout-28f84493 wp-block-columns-is-layout-flex\">\n<div class=\"wp-block-column is-layout-flow wp-block-column-is-layout-flow\" style=\"flex-basis:100%\">\n<div class=\"wp-block-group has-global-padding is-layout-constrained wp-container-core-group-is-layout-c1694ee5 wp-block-group-is-layout-constrained\" style=\"border-style:none;border-width:0px;padding-top:40px;padding-right:40px;padding-bottom:40px;padding-left:40px\">\n<p class=\"has-text-align-center has-small-font-size\">Anglais (3 ECTS &#8211; 24 h)<\/p>\n\n\n\n<hr class=\"wp-block-separator has-text-color has-lightgrey-color has-alpha-channel-opacity has-lightgrey-background-color has-background is-style-wide\"\/>\n\n\n\n<p class=\"has-text-align-center has-small-font-size\">Transferts thermiques (3 ECTS &#8211; 18 h)<\/p>\n\n\n\n<hr class=\"wp-block-separator has-text-color has-lightgrey-color has-alpha-channel-opacity has-lightgrey-background-color has-background is-style-wide\"\/>\n\n\n\n<p class=\"has-text-align-center has-small-font-size\">Interaction \u00e9nergie, climat, environnement, ressources naturelles \/ Enjeux de la transition \u00e9nerg\u00e9tique (3 ECTS &#8211; 30 h)<\/p>\n\n\n\n<hr class=\"wp-block-separator has-text-color has-lightgrey-color has-alpha-channel-opacity has-lightgrey-background-color has-background is-style-wide\"\/>\n\n\n\n<p class=\"has-text-align-center has-small-font-size\">Chimie des surfaces et proc\u00e9d\u00e9s plasmas (6 ECTS &#8211; 24 h)<\/p>\n\n\n\n<hr class=\"wp-block-separator has-text-color has-lightgrey-color has-alpha-channel-opacity has-lightgrey-background-color has-background is-style-wide\"\/>\n\n\n\n<p class=\"has-text-align-center has-small-font-size\">Ateliers micro\u00e9lectronique (6 ECTS &#8211; 61 h)<\/p>\n\n\n\n<hr class=\"wp-block-separator has-text-color has-lightgrey-color has-alpha-channel-opacity has-lightgrey-background-color has-background is-style-wide\"\/>\n\n\n\n<p class=\"has-text-align-center\">Diagnostics des Plasmas 2 (3 ECTS &#8211; 24 h)<\/p>\n\n\n\n<hr class=\"wp-block-separator has-text-color has-lightgrey-color has-alpha-channel-opacity has-lightgrey-background-color has-background is-style-wide\"\/>\n\n\n\n<p class=\"has-text-align-center\">Mod\u00e9lisation des Plasmas (3 ECTS &#8211; 32 h)<\/p>\n\n\n\n<hr class=\"wp-block-separator has-text-color has-lightgrey-color has-alpha-channel-opacity has-lightgrey-background-color has-background is-style-wide\"\/>\n\n\n\n<p class=\"has-text-align-center\">Mini-projet Plasmas 2 (3 ECTS &#8211; 30 h)<\/p>\n\n\n\n<div class=\"wp-block-buttons is-horizontal is-content-justification-center is-layout-flex wp-container-core-buttons-is-layout-a27650bb wp-block-buttons-is-layout-flex\" style=\"margin-top:40px\"><\/div>\n<\/div>\n<\/div>\n<\/div>\n<\/div>\n\n\n\n<div class=\"wp-block-column is-style-shadow has-light-background-background-color has-background is-layout-flow wp-container-core-column-is-layout-dba16a7e wp-block-column-is-layout-flow\" style=\"border-style:none;border-width:0px;padding-top:0;padding-right:0;padding-bottom:0;padding-left:0\">\n<div class=\"wp-block-group has-background-color has-secondary-background-color has-text-color has-background is-layout-flow wp-block-group-is-layout-flow\" style=\"border-top-left-radius:20px;border-top-right-radius:20px;padding-top:20px;padding-right:30px;padding-bottom:20px;padding-left:30px\">\n<div style=\"height:20px\" aria-hidden=\"true\" class=\"wp-block-spacer\"><\/div>\n\n\n\n<h3 class=\"has-text-align-center has-white-color has-text-color has-medium-font-size wp-block-heading\">Semestre 4<\/h3>\n\n\n\n<div style=\"height:20px\" aria-hidden=\"true\" class=\"wp-block-spacer\"><\/div>\n\n\n\n<p class=\"has-text-align-center\">30 ECTS dont 30 ECTS de stage<br><\/p>\n<\/div>\n\n\n\n<div class=\"wp-block-columns is-layout-flex wp-container-core-columns-is-layout-28f84493 wp-block-columns-is-layout-flex\">\n<div class=\"wp-block-column is-layout-flow wp-block-column-is-layout-flow\" style=\"flex-basis:100%\">\n<div class=\"wp-block-group has-global-padding is-layout-constrained wp-container-core-group-is-layout-c1694ee5 wp-block-group-is-layout-constrained\" style=\"border-style:none;border-width:0px;padding-top:40px;padding-right:40px;padding-bottom:40px;padding-left:40px\">\n<p class=\"has-text-align-center has-small-font-size\"><strong>Stage 2 (30 ECTS)<\/strong><\/p>\n<\/div>\n<\/div>\n<\/div>\n<\/div>\n<\/div>\n<\/div>\n\n\n\n<div style=\"height:100px\" aria-hidden=\"true\" class=\"wp-block-spacer\"><\/div>\n\n\n\n<h2 class=\"has-text-align-center wp-block-heading\"><a href=\"https:\/\/masterstp-univ-tlse3.fr\/wp-content\/uploads\/2022\/12\/SYL_M2_NRJ_STP.pdf\" target=\"_blank\" rel=\"noreferrer noopener\">T\u00e9l\u00e9charger le syllabus de la formation<\/a><\/h2>\n","protected":false},"excerpt":{"rendered":"<p>Parcours local M1+M2 Vous avez une licence et vous souhaitez vous former \u00e0 la physique des plasmas froids et \u00e0 leurs applications, avec une ouverture vers l&rsquo;\u00e9nergie et la micro\u00e9lectronique, tout en ayant de longues p\u00e9riodes de stage en M1 et M2 ? D\u00e9couvrir \u2192 Parcours bidiplomant M1+M2 Vous avez une licence scientifique dans un [&hellip;]<\/p>\n","protected":false},"author":1,"featured_media":0,"parent":0,"menu_order":0,"comment_status":"closed","ping_status":"closed","template":"","meta":{"footnotes":""},"class_list":["post-309","page","type-page","status-publish","hentry"],"yoast_head":"<!-- This site is optimized with the Yoast SEO plugin v27.4 - https:\/\/yoast.com\/product\/yoast-seo-wordpress\/ -->\n<title>Pr\u00e9sentation de la formation - parcours local - Sciences et Technologies des Plasmas (STP)<\/title>\n<meta name=\"robots\" content=\"index, follow, max-snippet:-1, max-image-preview:large, max-video-preview:-1\" \/>\n<link rel=\"canonical\" href=\"https:\/\/masterstp-univ-tlse3.fr\/index.php\/presentation-de-la-formation-parcours-local\/\" class=\"yoast-seo-meta-tag\" \/>\n<meta property=\"og:locale\" content=\"fr_FR\" class=\"yoast-seo-meta-tag\" \/>\n<meta property=\"og:type\" content=\"article\" class=\"yoast-seo-meta-tag\" \/>\n<meta property=\"og:title\" content=\"Pr\u00e9sentation de la formation - parcours local - Sciences et Technologies des Plasmas (STP)\" class=\"yoast-seo-meta-tag\" \/>\n<meta property=\"og:description\" content=\"Parcours local M1+M2 Vous avez une licence et vous souhaitez vous former \u00e0 la physique des plasmas froids et \u00e0 leurs applications, avec une ouverture vers l&rsquo;\u00e9nergie et la micro\u00e9lectronique, tout en ayant de longues p\u00e9riodes de stage en M1 et M2 ? D\u00e9couvrir \u2192 Parcours bidiplomant M1+M2 Vous avez une licence scientifique dans un [&hellip;]\" class=\"yoast-seo-meta-tag\" \/>\n<meta property=\"og:url\" content=\"https:\/\/masterstp-univ-tlse3.fr\/index.php\/presentation-de-la-formation-parcours-local\/\" class=\"yoast-seo-meta-tag\" \/>\n<meta property=\"og:site_name\" content=\"Sciences et Technologies des Plasmas (STP)\" class=\"yoast-seo-meta-tag\" \/>\n<meta property=\"article:modified_time\" content=\"2022-12-26T23:45:43+00:00\" class=\"yoast-seo-meta-tag\" \/>\n<meta name=\"twitter:card\" content=\"summary_large_image\" class=\"yoast-seo-meta-tag\" \/>\n<meta name=\"twitter:site\" content=\"@master_stp\" class=\"yoast-seo-meta-tag\" \/>\n<meta name=\"twitter:label1\" content=\"Dur\u00e9e de lecture estim\u00e9e\" class=\"yoast-seo-meta-tag\" \/>\n\t<meta name=\"twitter:data1\" content=\"3 minutes\" class=\"yoast-seo-meta-tag\" \/>\n<script type=\"application\/ld+json\" class=\"yoast-schema-graph\">{\"@context\":\"https:\\\/\\\/schema.org\",\"@graph\":[{\"@type\":\"WebPage\",\"@id\":\"https:\\\/\\\/masterstp-univ-tlse3.fr\\\/index.php\\\/presentation-de-la-formation-parcours-local\\\/\",\"url\":\"https:\\\/\\\/masterstp-univ-tlse3.fr\\\/index.php\\\/presentation-de-la-formation-parcours-local\\\/\",\"name\":\"Pr\u00e9sentation de la formation - parcours local - Sciences et Technologies des Plasmas (STP)\",\"isPartOf\":{\"@id\":\"https:\\\/\\\/masterstp-univ-tlse3.fr\\\/#website\"},\"datePublished\":\"2022-12-26T17:31:05+00:00\",\"dateModified\":\"2022-12-26T23:45:43+00:00\",\"breadcrumb\":{\"@id\":\"https:\\\/\\\/masterstp-univ-tlse3.fr\\\/index.php\\\/presentation-de-la-formation-parcours-local\\\/#breadcrumb\"},\"inLanguage\":\"fr-FR\",\"potentialAction\":[{\"@type\":\"ReadAction\",\"target\":[\"https:\\\/\\\/masterstp-univ-tlse3.fr\\\/index.php\\\/presentation-de-la-formation-parcours-local\\\/\"]}]},{\"@type\":\"BreadcrumbList\",\"@id\":\"https:\\\/\\\/masterstp-univ-tlse3.fr\\\/index.php\\\/presentation-de-la-formation-parcours-local\\\/#breadcrumb\",\"itemListElement\":[{\"@type\":\"ListItem\",\"position\":1,\"name\":\"Accueil\",\"item\":\"https:\\\/\\\/masterstp-univ-tlse3.fr\\\/\"},{\"@type\":\"ListItem\",\"position\":2,\"name\":\"Pr\u00e9sentation de la formation &#8211; parcours local\"}]},{\"@type\":\"WebSite\",\"@id\":\"https:\\\/\\\/masterstp-univ-tlse3.fr\\\/#website\",\"url\":\"https:\\\/\\\/masterstp-univ-tlse3.fr\\\/\",\"name\":\"Master Sciences et Technologies des Plasmas (STP)\",\"description\":\"Master mention Energie\",\"publisher\":{\"@id\":\"https:\\\/\\\/masterstp-univ-tlse3.fr\\\/#organization\"},\"potentialAction\":[{\"@type\":\"SearchAction\",\"target\":{\"@type\":\"EntryPoint\",\"urlTemplate\":\"https:\\\/\\\/masterstp-univ-tlse3.fr\\\/?s={search_term_string}\"},\"query-input\":{\"@type\":\"PropertyValueSpecification\",\"valueRequired\":true,\"valueName\":\"search_term_string\"}}],\"inLanguage\":\"fr-FR\"},{\"@type\":\"Organization\",\"@id\":\"https:\\\/\\\/masterstp-univ-tlse3.fr\\\/#organization\",\"name\":\"Master Sciences et Technologies des Plasmas (STP)\",\"url\":\"https:\\\/\\\/masterstp-univ-tlse3.fr\\\/\",\"logo\":{\"@type\":\"ImageObject\",\"inLanguage\":\"fr-FR\",\"@id\":\"https:\\\/\\\/masterstp-univ-tlse3.fr\\\/#\\\/schema\\\/logo\\\/image\\\/\",\"url\":\"https:\\\/\\\/masterstp-univ-tlse3.fr\\\/wp-content\\\/uploads\\\/2022\\\/12\\\/11.jpg\",\"contentUrl\":\"https:\\\/\\\/masterstp-univ-tlse3.fr\\\/wp-content\\\/uploads\\\/2022\\\/12\\\/11.jpg\",\"width\":350,\"height\":233,\"caption\":\"Master Sciences et Technologies des Plasmas (STP)\"},\"image\":{\"@id\":\"https:\\\/\\\/masterstp-univ-tlse3.fr\\\/#\\\/schema\\\/logo\\\/image\\\/\"},\"sameAs\":[\"https:\\\/\\\/x.com\\\/master_stp\",\"https:\\\/\\\/www.linkedin.com\\\/groups\\\/12499459\\\/\"]}]}<\/script>\n<!-- \/ Yoast SEO plugin. -->","yoast_head_json":{"title":"Pr\u00e9sentation de la formation - parcours local - Sciences et Technologies des Plasmas (STP)","robots":{"index":"index","follow":"follow","max-snippet":"max-snippet:-1","max-image-preview":"max-image-preview:large","max-video-preview":"max-video-preview:-1"},"canonical":"https:\/\/masterstp-univ-tlse3.fr\/index.php\/presentation-de-la-formation-parcours-local\/","og_locale":"fr_FR","og_type":"article","og_title":"Pr\u00e9sentation de la formation - parcours local - Sciences et Technologies des Plasmas (STP)","og_description":"Parcours local M1+M2 Vous avez une licence et vous souhaitez vous former \u00e0 la physique des plasmas froids et \u00e0 leurs applications, avec une ouverture vers l&rsquo;\u00e9nergie et la micro\u00e9lectronique, tout en ayant de longues p\u00e9riodes de stage en M1 et M2 ? D\u00e9couvrir \u2192 Parcours bidiplomant M1+M2 Vous avez une licence scientifique dans un [&hellip;]","og_url":"https:\/\/masterstp-univ-tlse3.fr\/index.php\/presentation-de-la-formation-parcours-local\/","og_site_name":"Sciences et Technologies des Plasmas (STP)","article_modified_time":"2022-12-26T23:45:43+00:00","twitter_card":"summary_large_image","twitter_site":"@master_stp","twitter_misc":{"Dur\u00e9e de lecture estim\u00e9e":"3 minutes"},"schema":{"@context":"https:\/\/schema.org","@graph":[{"@type":"WebPage","@id":"https:\/\/masterstp-univ-tlse3.fr\/index.php\/presentation-de-la-formation-parcours-local\/","url":"https:\/\/masterstp-univ-tlse3.fr\/index.php\/presentation-de-la-formation-parcours-local\/","name":"Pr\u00e9sentation de la formation - parcours local - Sciences et Technologies des Plasmas (STP)","isPartOf":{"@id":"https:\/\/masterstp-univ-tlse3.fr\/#website"},"datePublished":"2022-12-26T17:31:05+00:00","dateModified":"2022-12-26T23:45:43+00:00","breadcrumb":{"@id":"https:\/\/masterstp-univ-tlse3.fr\/index.php\/presentation-de-la-formation-parcours-local\/#breadcrumb"},"inLanguage":"fr-FR","potentialAction":[{"@type":"ReadAction","target":["https:\/\/masterstp-univ-tlse3.fr\/index.php\/presentation-de-la-formation-parcours-local\/"]}]},{"@type":"BreadcrumbList","@id":"https:\/\/masterstp-univ-tlse3.fr\/index.php\/presentation-de-la-formation-parcours-local\/#breadcrumb","itemListElement":[{"@type":"ListItem","position":1,"name":"Accueil","item":"https:\/\/masterstp-univ-tlse3.fr\/"},{"@type":"ListItem","position":2,"name":"Pr\u00e9sentation de la formation &#8211; parcours local"}]},{"@type":"WebSite","@id":"https:\/\/masterstp-univ-tlse3.fr\/#website","url":"https:\/\/masterstp-univ-tlse3.fr\/","name":"Master Sciences et Technologies des Plasmas (STP)","description":"Master mention Energie","publisher":{"@id":"https:\/\/masterstp-univ-tlse3.fr\/#organization"},"potentialAction":[{"@type":"SearchAction","target":{"@type":"EntryPoint","urlTemplate":"https:\/\/masterstp-univ-tlse3.fr\/?s={search_term_string}"},"query-input":{"@type":"PropertyValueSpecification","valueRequired":true,"valueName":"search_term_string"}}],"inLanguage":"fr-FR"},{"@type":"Organization","@id":"https:\/\/masterstp-univ-tlse3.fr\/#organization","name":"Master Sciences et Technologies des Plasmas (STP)","url":"https:\/\/masterstp-univ-tlse3.fr\/","logo":{"@type":"ImageObject","inLanguage":"fr-FR","@id":"https:\/\/masterstp-univ-tlse3.fr\/#\/schema\/logo\/image\/","url":"https:\/\/masterstp-univ-tlse3.fr\/wp-content\/uploads\/2022\/12\/11.jpg","contentUrl":"https:\/\/masterstp-univ-tlse3.fr\/wp-content\/uploads\/2022\/12\/11.jpg","width":350,"height":233,"caption":"Master Sciences et Technologies des Plasmas (STP)"},"image":{"@id":"https:\/\/masterstp-univ-tlse3.fr\/#\/schema\/logo\/image\/"},"sameAs":["https:\/\/x.com\/master_stp","https:\/\/www.linkedin.com\/groups\/12499459\/"]}]}},"_links":{"self":[{"href":"https:\/\/masterstp-univ-tlse3.fr\/index.php\/wp-json\/wp\/v2\/pages\/309","targetHints":{"allow":["GET"]}}],"collection":[{"href":"https:\/\/masterstp-univ-tlse3.fr\/index.php\/wp-json\/wp\/v2\/pages"}],"about":[{"href":"https:\/\/masterstp-univ-tlse3.fr\/index.php\/wp-json\/wp\/v2\/types\/page"}],"author":[{"embeddable":true,"href":"https:\/\/masterstp-univ-tlse3.fr\/index.php\/wp-json\/wp\/v2\/users\/1"}],"replies":[{"embeddable":true,"href":"https:\/\/masterstp-univ-tlse3.fr\/index.php\/wp-json\/wp\/v2\/comments?post=309"}],"version-history":[{"count":12,"href":"https:\/\/masterstp-univ-tlse3.fr\/index.php\/wp-json\/wp\/v2\/pages\/309\/revisions"}],"predecessor-version":[{"id":467,"href":"https:\/\/masterstp-univ-tlse3.fr\/index.php\/wp-json\/wp\/v2\/pages\/309\/revisions\/467"}],"wp:attachment":[{"href":"https:\/\/masterstp-univ-tlse3.fr\/index.php\/wp-json\/wp\/v2\/media?parent=309"}],"curies":[{"name":"wp","href":"https:\/\/api.w.org\/{rel}","templated":true}]}}