{"id":297,"date":"2022-12-26T17:14:38","date_gmt":"2022-12-26T16:14:38","guid":{"rendered":"https:\/\/masterstp-univ-tlse3.fr\/?page_id=297"},"modified":"2022-12-27T16:42:57","modified_gmt":"2022-12-27T15:42:57","slug":"presentation-de-la-formation","status":"publish","type":"page","link":"https:\/\/masterstp-univ-tlse3.fr\/index.php\/presentation-de-la-formation\/","title":{"rendered":"Pr\u00e9sentation de la formation"},"content":{"rendered":"\n<p>Depuis sa cr\u00e9ation, le parcours Sciences et Technologies des Plasmas a \u00e9t\u00e9 con\u00e7u comme un parcours \u00e0 part, faisant la part belle \u00e0 l&rsquo;apprentissage par la pratique. En effet, l&rsquo;objectif est de former les \u00e9tudiants \u00e0 la physique des plasmas froids, aux diagnostics et outils de mod\u00e9lisation utilis\u00e9s, tout en donnant des bases solides sur les applications des plasmas froids.  <\/p>\n\n\n\n<h2 class=\"has-text-align-center has-secondary-color has-text-color wp-block-heading\">MASTER STP = Bases th\u00e9oriques + Mise en pratique encadr\u00e9e + Longues p\u00e9riodes de stage<\/h2>\n\n\n\n<div class=\"wp-block-group has-global-padding is-layout-constrained wp-block-group-is-layout-constrained\">\n<div class=\"wp-block-group is-layout-flow wp-block-group-is-layout-flow\">\n<div style=\"height:100px\" aria-hidden=\"true\" class=\"wp-block-spacer\"><\/div>\n\n\n\n<p class=\"has-primary-color has-text-color\">Le parcours Sciences et Technologies des Plasmas peut \u00eatre suivi dans diff\u00e9rents cadres en fonction de vos envies et de votre formation initiale. En effet, vous pourrez rejoindre ce parcours aussi bien dans le cadre d&rsquo;un parcours \u00e0 l&rsquo;Universit\u00e9 Toulouse III &#8211; Paul Sabatier \u00ab\u00a0classique\u00a0\u00bb mais avec un nombre d&rsquo;heure pr\u00e9sentiel r\u00e9duit et de longues p\u00e9riodes de stages aussi bien en M1 qu&rsquo;en M2, mais vous pourrez \u00e9galement r\u00e9aliser ce parcours dans le cadre d&rsquo;une bidiplomation avec une universit\u00e9 partenaire au Canada ou encore dans l&rsquo;optique d&rsquo;acqu\u00e9rir une double comp\u00e9tence avec une acc\u00e8s directement en M2 pour les titulaires d&rsquo;un Master 1 ou d&rsquo;un Master.<\/p>\n\n\n\n<h2 class=\"has-text-align-center has-max-48-font-size wp-block-heading\">1 parcours mais 3 possibilit\u00e9s<\/h2>\n\n\n\n<div class=\"wp-block-columns is-layout-flex wp-container-core-columns-is-layout-28f84493 wp-block-columns-is-layout-flex\">\n<div class=\"wp-block-column is-style-shadow has-secondary-background-color has-background is-layout-flow wp-block-column-is-layout-flow\" style=\"border-style:none;border-width:0px;padding-top:30px;padding-right:30px;padding-bottom:30px;padding-left:30px\">\n<h2 class=\"has-white-color has-text-color wp-block-heading\">Parcours local M1+M2<\/h2>\n\n\n\n<p>Vous avez une licence et vous souhaitez vous former \u00e0 la physique des plasmas froids et \u00e0 leurs applications, avec une ouverture vers l&rsquo;\u00e9nergie et la micro\u00e9lectronique, tout en ayant de longues p\u00e9riodes de stage en M1 et M2 ?<\/p>\n\n\n\n<p class=\"has-text-align-center has-background-color has-text-color has-link-color wp-elements-85dfd8fbb2fbd20272fc7fef079e90f2\"><strong><a href=\"https:\/\/masterstp-univ-tlse3.fr\/index.php\/presentation-de-la-formation-parcours-local\/\">D\u00e9couvrir \u2192<\/a><\/strong><\/p>\n<\/div>\n\n\n\n<div class=\"wp-block-column is-style-shadow has-secondary-background-color has-background is-layout-flow wp-block-column-is-layout-flow\" style=\"border-style:none;border-width:0px;padding-top:30px;padding-right:30px;padding-bottom:30px;padding-left:30px\">\n<h2 class=\"has-white-color has-text-color wp-block-heading\">Parcours bidiplomant M1+M2<\/h2>\n\n\n\n<p>Vous avez une licence scientifique dans un domaine de la physique et vous souhaitez vous former \u00e0 la physique des plasmas froids et \u00e0 leurs applications avec une exp\u00e9rience \u00e0 l&rsquo;international au Canada durant 1 ann\u00e9e ?<a href=\"#\"><strong>D<\/strong><\/a><\/p>\n\n\n\n<p class=\"has-text-align-center has-link-color wp-elements-608312cc2e2e505705df3a4ecb4f74fc\"><a href=\"https:\/\/masterstp-univ-tlse3.fr\/index.php\/presentation-de-la-formation-parcours-bidiplomant\/\"><strong>D\u00e9couvrir \u2192<\/strong><\/a><\/p>\n<\/div>\n\n\n\n<div class=\"wp-block-column is-style-shadow has-secondary-background-color has-background is-layout-flow wp-block-column-is-layout-flow\" style=\"border-style:none;border-width:0px;padding-top:30px;padding-right:30px;padding-bottom:30px;padding-left:30px\">\n<h2 class=\"has-white-color has-text-color wp-block-heading\">Double comp\u00e9tence M2<\/h2>\n\n\n\n<p>Vous avez d\u00e9j\u00e0 un Master 1 (ou Master 2) scientifique dans un domaine de la physique et vous souhaitez acqu\u00e9rir une double comp\u00e9tence en vous formant \u00e0 la physique des plasmas froids et \u00e0 leurs applications ?<\/p>\n\n\n\n<p class=\"has-text-align-center has-link-color wp-elements-9b25590194d889cf70ed1774ec97e448\"><a href=\"https:\/\/masterstp-univ-tlse3.fr\/index.php\/presentation-de-la-formation-parcours-double-competence\/\">D\u00e9cou<strong>vrir \u2192<\/strong><\/a><\/p>\n<\/div>\n<\/div>\n<\/div>\n<\/div>\n\n\n\n<div style=\"height:100px\" aria-hidden=\"true\" class=\"wp-block-spacer\"><\/div>\n\n\n\n<p>En pratique, les cours sont tr\u00e8s souvent communs et les \u00e9tudiants forment une vraie promotion \u00e0 l&rsquo;int\u00e9rieure de laquelle travail en groupe et entraide sont tr\u00e8s largement favoris\u00e9s. L&rsquo;objectif est \u00e9videmment de former les \u00e9tudiants \u00e0 la physique des plasmas froids et \u00e0 leurs applications, mais \u00e9galement de les aider \u00e0 acqu\u00e9rir de nouvelles comp\u00e9tences transversales et des m\u00e9thodes de travail. Dans le monde actuel, les nouveaux dipl\u00f4m\u00e9s seront amen\u00e9s \u00e0 changer de travail et\/ou de domaine plusieurs fois dans leurs carri\u00e8res. Les plasmas, qui sont par nature fortement pluridisciplinaires, constituent donc de fait un excellent tremplin vers la vie professionnelle !<\/p>\n","protected":false},"excerpt":{"rendered":"<p>Depuis sa cr\u00e9ation, le parcours Sciences et Technologies des Plasmas a \u00e9t\u00e9 con\u00e7u comme un parcours \u00e0 part, faisant la part belle \u00e0 l&rsquo;apprentissage par la pratique. En effet, l&rsquo;objectif est de former les \u00e9tudiants \u00e0 la physique des plasmas froids, aux diagnostics et outils de mod\u00e9lisation utilis\u00e9s, tout en donnant des bases solides sur [&hellip;]<\/p>\n","protected":false},"author":1,"featured_media":0,"parent":0,"menu_order":0,"comment_status":"closed","ping_status":"closed","template":"","meta":{"footnotes":""},"class_list":["post-297","page","type-page","status-publish","hentry"],"yoast_head":"<!-- This site is optimized with the Yoast SEO plugin v27.4 - https:\/\/yoast.com\/product\/yoast-seo-wordpress\/ -->\n<title>Pr\u00e9sentation de la formation - Sciences et Technologies des Plasmas (STP)<\/title>\n<meta name=\"robots\" content=\"index, follow, max-snippet:-1, max-image-preview:large, max-video-preview:-1\" \/>\n<link rel=\"canonical\" href=\"https:\/\/masterstp-univ-tlse3.fr\/index.php\/presentation-de-la-formation\/\" class=\"yoast-seo-meta-tag\" \/>\n<meta property=\"og:locale\" content=\"fr_FR\" class=\"yoast-seo-meta-tag\" \/>\n<meta property=\"og:type\" content=\"article\" class=\"yoast-seo-meta-tag\" \/>\n<meta property=\"og:title\" content=\"Pr\u00e9sentation de la formation - Sciences et Technologies des Plasmas (STP)\" class=\"yoast-seo-meta-tag\" \/>\n<meta property=\"og:description\" content=\"Depuis sa cr\u00e9ation, le parcours Sciences et Technologies des Plasmas a \u00e9t\u00e9 con\u00e7u comme un parcours \u00e0 part, faisant la part belle \u00e0 l&rsquo;apprentissage par la pratique. En effet, l&rsquo;objectif est de former les \u00e9tudiants \u00e0 la physique des plasmas froids, aux diagnostics et outils de mod\u00e9lisation utilis\u00e9s, tout en donnant des bases solides sur [&hellip;]\" class=\"yoast-seo-meta-tag\" \/>\n<meta property=\"og:url\" content=\"https:\/\/masterstp-univ-tlse3.fr\/index.php\/presentation-de-la-formation\/\" class=\"yoast-seo-meta-tag\" \/>\n<meta property=\"og:site_name\" content=\"Sciences et Technologies des Plasmas (STP)\" class=\"yoast-seo-meta-tag\" \/>\n<meta property=\"article:modified_time\" content=\"2022-12-27T15:42:57+00:00\" class=\"yoast-seo-meta-tag\" \/>\n<meta name=\"twitter:card\" content=\"summary_large_image\" class=\"yoast-seo-meta-tag\" \/>\n<meta name=\"twitter:site\" content=\"@master_stp\" class=\"yoast-seo-meta-tag\" \/>\n<meta name=\"twitter:label1\" content=\"Dur\u00e9e de lecture estim\u00e9e\" class=\"yoast-seo-meta-tag\" \/>\n\t<meta name=\"twitter:data1\" content=\"3 minutes\" class=\"yoast-seo-meta-tag\" \/>\n<script type=\"application\/ld+json\" class=\"yoast-schema-graph\">{\"@context\":\"https:\\\/\\\/schema.org\",\"@graph\":[{\"@type\":\"WebPage\",\"@id\":\"https:\\\/\\\/masterstp-univ-tlse3.fr\\\/index.php\\\/presentation-de-la-formation\\\/\",\"url\":\"https:\\\/\\\/masterstp-univ-tlse3.fr\\\/index.php\\\/presentation-de-la-formation\\\/\",\"name\":\"Pr\u00e9sentation de la formation - Sciences et Technologies des Plasmas (STP)\",\"isPartOf\":{\"@id\":\"https:\\\/\\\/masterstp-univ-tlse3.fr\\\/#website\"},\"datePublished\":\"2022-12-26T16:14:38+00:00\",\"dateModified\":\"2022-12-27T15:42:57+00:00\",\"breadcrumb\":{\"@id\":\"https:\\\/\\\/masterstp-univ-tlse3.fr\\\/index.php\\\/presentation-de-la-formation\\\/#breadcrumb\"},\"inLanguage\":\"fr-FR\",\"potentialAction\":[{\"@type\":\"ReadAction\",\"target\":[\"https:\\\/\\\/masterstp-univ-tlse3.fr\\\/index.php\\\/presentation-de-la-formation\\\/\"]}]},{\"@type\":\"BreadcrumbList\",\"@id\":\"https:\\\/\\\/masterstp-univ-tlse3.fr\\\/index.php\\\/presentation-de-la-formation\\\/#breadcrumb\",\"itemListElement\":[{\"@type\":\"ListItem\",\"position\":1,\"name\":\"Accueil\",\"item\":\"https:\\\/\\\/masterstp-univ-tlse3.fr\\\/\"},{\"@type\":\"ListItem\",\"position\":2,\"name\":\"Pr\u00e9sentation de la formation\"}]},{\"@type\":\"WebSite\",\"@id\":\"https:\\\/\\\/masterstp-univ-tlse3.fr\\\/#website\",\"url\":\"https:\\\/\\\/masterstp-univ-tlse3.fr\\\/\",\"name\":\"Master Sciences et Technologies des Plasmas (STP)\",\"description\":\"Master mention Energie\",\"publisher\":{\"@id\":\"https:\\\/\\\/masterstp-univ-tlse3.fr\\\/#organization\"},\"potentialAction\":[{\"@type\":\"SearchAction\",\"target\":{\"@type\":\"EntryPoint\",\"urlTemplate\":\"https:\\\/\\\/masterstp-univ-tlse3.fr\\\/?s={search_term_string}\"},\"query-input\":{\"@type\":\"PropertyValueSpecification\",\"valueRequired\":true,\"valueName\":\"search_term_string\"}}],\"inLanguage\":\"fr-FR\"},{\"@type\":\"Organization\",\"@id\":\"https:\\\/\\\/masterstp-univ-tlse3.fr\\\/#organization\",\"name\":\"Master Sciences et Technologies des Plasmas (STP)\",\"url\":\"https:\\\/\\\/masterstp-univ-tlse3.fr\\\/\",\"logo\":{\"@type\":\"ImageObject\",\"inLanguage\":\"fr-FR\",\"@id\":\"https:\\\/\\\/masterstp-univ-tlse3.fr\\\/#\\\/schema\\\/logo\\\/image\\\/\",\"url\":\"https:\\\/\\\/masterstp-univ-tlse3.fr\\\/wp-content\\\/uploads\\\/2022\\\/12\\\/11.jpg\",\"contentUrl\":\"https:\\\/\\\/masterstp-univ-tlse3.fr\\\/wp-content\\\/uploads\\\/2022\\\/12\\\/11.jpg\",\"width\":350,\"height\":233,\"caption\":\"Master Sciences et Technologies des Plasmas (STP)\"},\"image\":{\"@id\":\"https:\\\/\\\/masterstp-univ-tlse3.fr\\\/#\\\/schema\\\/logo\\\/image\\\/\"},\"sameAs\":[\"https:\\\/\\\/x.com\\\/master_stp\",\"https:\\\/\\\/www.linkedin.com\\\/groups\\\/12499459\\\/\"]}]}<\/script>\n<!-- \/ Yoast SEO plugin. -->","yoast_head_json":{"title":"Pr\u00e9sentation de la formation - Sciences et Technologies des Plasmas (STP)","robots":{"index":"index","follow":"follow","max-snippet":"max-snippet:-1","max-image-preview":"max-image-preview:large","max-video-preview":"max-video-preview:-1"},"canonical":"https:\/\/masterstp-univ-tlse3.fr\/index.php\/presentation-de-la-formation\/","og_locale":"fr_FR","og_type":"article","og_title":"Pr\u00e9sentation de la formation - Sciences et Technologies des Plasmas (STP)","og_description":"Depuis sa cr\u00e9ation, le parcours Sciences et Technologies des Plasmas a \u00e9t\u00e9 con\u00e7u comme un parcours \u00e0 part, faisant la part belle \u00e0 l&rsquo;apprentissage par la pratique. En effet, l&rsquo;objectif est de former les \u00e9tudiants \u00e0 la physique des plasmas froids, aux diagnostics et outils de mod\u00e9lisation utilis\u00e9s, tout en donnant des bases solides sur [&hellip;]","og_url":"https:\/\/masterstp-univ-tlse3.fr\/index.php\/presentation-de-la-formation\/","og_site_name":"Sciences et Technologies des Plasmas (STP)","article_modified_time":"2022-12-27T15:42:57+00:00","twitter_card":"summary_large_image","twitter_site":"@master_stp","twitter_misc":{"Dur\u00e9e de lecture estim\u00e9e":"3 minutes"},"schema":{"@context":"https:\/\/schema.org","@graph":[{"@type":"WebPage","@id":"https:\/\/masterstp-univ-tlse3.fr\/index.php\/presentation-de-la-formation\/","url":"https:\/\/masterstp-univ-tlse3.fr\/index.php\/presentation-de-la-formation\/","name":"Pr\u00e9sentation de la formation - Sciences et Technologies des Plasmas (STP)","isPartOf":{"@id":"https:\/\/masterstp-univ-tlse3.fr\/#website"},"datePublished":"2022-12-26T16:14:38+00:00","dateModified":"2022-12-27T15:42:57+00:00","breadcrumb":{"@id":"https:\/\/masterstp-univ-tlse3.fr\/index.php\/presentation-de-la-formation\/#breadcrumb"},"inLanguage":"fr-FR","potentialAction":[{"@type":"ReadAction","target":["https:\/\/masterstp-univ-tlse3.fr\/index.php\/presentation-de-la-formation\/"]}]},{"@type":"BreadcrumbList","@id":"https:\/\/masterstp-univ-tlse3.fr\/index.php\/presentation-de-la-formation\/#breadcrumb","itemListElement":[{"@type":"ListItem","position":1,"name":"Accueil","item":"https:\/\/masterstp-univ-tlse3.fr\/"},{"@type":"ListItem","position":2,"name":"Pr\u00e9sentation de la formation"}]},{"@type":"WebSite","@id":"https:\/\/masterstp-univ-tlse3.fr\/#website","url":"https:\/\/masterstp-univ-tlse3.fr\/","name":"Master Sciences et Technologies des Plasmas (STP)","description":"Master mention Energie","publisher":{"@id":"https:\/\/masterstp-univ-tlse3.fr\/#organization"},"potentialAction":[{"@type":"SearchAction","target":{"@type":"EntryPoint","urlTemplate":"https:\/\/masterstp-univ-tlse3.fr\/?s={search_term_string}"},"query-input":{"@type":"PropertyValueSpecification","valueRequired":true,"valueName":"search_term_string"}}],"inLanguage":"fr-FR"},{"@type":"Organization","@id":"https:\/\/masterstp-univ-tlse3.fr\/#organization","name":"Master Sciences et Technologies des Plasmas (STP)","url":"https:\/\/masterstp-univ-tlse3.fr\/","logo":{"@type":"ImageObject","inLanguage":"fr-FR","@id":"https:\/\/masterstp-univ-tlse3.fr\/#\/schema\/logo\/image\/","url":"https:\/\/masterstp-univ-tlse3.fr\/wp-content\/uploads\/2022\/12\/11.jpg","contentUrl":"https:\/\/masterstp-univ-tlse3.fr\/wp-content\/uploads\/2022\/12\/11.jpg","width":350,"height":233,"caption":"Master Sciences et Technologies des Plasmas (STP)"},"image":{"@id":"https:\/\/masterstp-univ-tlse3.fr\/#\/schema\/logo\/image\/"},"sameAs":["https:\/\/x.com\/master_stp","https:\/\/www.linkedin.com\/groups\/12499459\/"]}]}},"_links":{"self":[{"href":"https:\/\/masterstp-univ-tlse3.fr\/index.php\/wp-json\/wp\/v2\/pages\/297","targetHints":{"allow":["GET"]}}],"collection":[{"href":"https:\/\/masterstp-univ-tlse3.fr\/index.php\/wp-json\/wp\/v2\/pages"}],"about":[{"href":"https:\/\/masterstp-univ-tlse3.fr\/index.php\/wp-json\/wp\/v2\/types\/page"}],"author":[{"embeddable":true,"href":"https:\/\/masterstp-univ-tlse3.fr\/index.php\/wp-json\/wp\/v2\/users\/1"}],"replies":[{"embeddable":true,"href":"https:\/\/masterstp-univ-tlse3.fr\/index.php\/wp-json\/wp\/v2\/comments?post=297"}],"version-history":[{"count":11,"href":"https:\/\/masterstp-univ-tlse3.fr\/index.php\/wp-json\/wp\/v2\/pages\/297\/revisions"}],"predecessor-version":[{"id":464,"href":"https:\/\/masterstp-univ-tlse3.fr\/index.php\/wp-json\/wp\/v2\/pages\/297\/revisions\/464"}],"wp:attachment":[{"href":"https:\/\/masterstp-univ-tlse3.fr\/index.php\/wp-json\/wp\/v2\/media?parent=297"}],"curies":[{"name":"wp","href":"https:\/\/api.w.org\/{rel}","templated":true}]}}